{"id":135,"date":"2022-03-29T14:28:10","date_gmt":"2022-03-29T14:28:10","guid":{"rendered":"https:\/\/alealsa.com\/?page_id=135"},"modified":"2022-04-01T09:28:47","modified_gmt":"2022-04-01T09:28:47","slug":"privacy-policy","status":"publish","type":"page","link":"https:\/\/alealsa.com\/en\/privacy-policy\/","title":{"rendered":"Privacy Policy"},"content":{"rendered":"\n<p>En&nbsp;ALEALSA&nbsp;estamos comprometidos con la protecci\u00f3n de la privacidad y el uso correcto de los datos personales que tratamos y que nos facilites. Esta pol\u00edtica describe c\u00f3mo podemos tratar dichos datos y los derechos de los usuarios sobre sus datos personales, tanto on line en este sitio web&nbsp;<a href=\"http:\/\/www.alealsa.com\/\" target=\"_blank\" rel=\"noreferrer noopener\">www.alealsa.com<\/a>&nbsp;y, en su caso, cualquiera de sus subdominios, como cuando nos los facilitas off-line para que te prestemos servicios.<\/p>\n\n\n\n<p>Por favor, lee atentamente esta pol\u00edtica y aseg\u00farate de que la entiendes y est\u00e1s de acuerdo con ella, antes de facilitarnos tus datos personales. Si no est\u00e1s de acuerdo con la misma, no utilices este sitio web o sus servicios ni nos facilites tus datos. El hecho de acceder a este sitio, usar cualquiera de sus servicios o facilitarnos tus datos, bien sea on line u off line, lo entenderemos como una clara acci\u00f3n afirmativa por la que nos das tu consentimiento (cuando sea necesario el&nbsp; mismo) para tratar tus datos para las finalidades que luego se indican.<\/p>\n\n\n\n<h2 class=\"wp-block-heading\"><strong>\u00bfQui\u00e9n es el responsable del tratamiento de tus datos?<\/strong><\/h2>\n\n\n\n<p><strong>Aleaciones Alavesas, S.A<\/strong><br>Direcci\u00f3n: Pol\u00edgono Industrial Ali-Gobeo &#8211; Calle San Miguel de Acha, 17<br>Tel\u00e9fono:&nbsp;+34 945 227 426<br>Mail: <a href=\"mailto:comercial@alealsa.com\">comercial@alealsa.com<\/a><\/p>\n\n\n\n<h2 class=\"wp-block-heading\"><strong>\u00bfC\u00f3mo hemos obtenido tus datos?<\/strong><\/h2>\n\n\n\n<p><strong>Obtenci\u00f3n por parte del propio interesado:&nbsp;<\/strong><\/p>\n\n\n\n<p>Si ya eres cliente o cliente potencial nos los has facilitado t\u00fa, bien sea off-line u on-line al solicitar nuestros servicios o solicitarnos una oferta para poder mantener una relaci\u00f3n contractual contigo.<\/p>\n\n\n\n<p>Esta informaci\u00f3n podr\u00eda comprender datos como:<\/p>\n\n\n\n<ul class=\"wp-block-list\"><li>Tus datos de contacto (nombre y apellidos, direcci\u00f3n de facturaci\u00f3n y\/o de entrega, fecha de nacimiento, direcci\u00f3n mail, y n\u00famero de tel\u00e9fono), los necesitamos para poder contactar contigo si tenemos preguntas o informaci\u00f3n sobre tus peticiones;<\/li><li>Otra informaci\u00f3n necesaria para poder tramitar tu petici\u00f3n es la relacionada con los productos\/servicios solicitados, detalles de su banco o tarjeta de cr\u00e9dito para realizar el pago\u2026<\/li><li>Si has contactado con atenci\u00f3n al cliente, los detalles y el historial de ese(esos) Contacto(s)<\/li><\/ul>\n\n\n\n<p>Si los datos nos los has aportado a trav\u00e9s de este sitio web, recopilamos informaci\u00f3n, por ejemplo, cuando accedes a la p\u00e1gina, cuando rellenas cualquier formulario con datos personales, o cuando te comunicas con nosotros directamente por correo electr\u00f3nico.<\/p>\n\n\n\n<p>Podemos tratar y registrar dichos usos, sesiones e informaci\u00f3n relacionada, ya sea en forma independiente o con la ayuda de servicios de terceros, incluso mediante el uso de \u201ccookies\u201d y otras tecnolog\u00edas de seguimiento como flash cookies y anal\u00edticas web.<\/p>\n\n\n\n<p>Cuando nos facilitas tus datos personales, garantizas que est\u00e1s habilitado para facilitar esta informaci\u00f3n y que la informaci\u00f3n es cierta, veraz, exacta y actualizada, que no es confidencial, que no viola ninguna restricci\u00f3n contractual o derechos de terceros y te comprometes a no suplantar a otros Usuarios utilizando sus datos de registro a los distintos servicios y\/o contenidos del sitio web.<\/p>\n\n\n\n<p>Tienes la responsabilidad de mantener tus datos correctos y actualizados, declinando toda responsabilidad sobre EUSKO PRINTING SERVICE SL en caso de no hacerlo.<\/p>\n\n\n\n<p><strong>Obtenci\u00f3n de forma autom\u00e1tica al visitar nuestro sitio web:<\/strong><\/p>\n\n\n\n<p>Adem\u00e1s, cuando visitas nuestra web se env\u00edan datos desde tu navegador a nuestro servidor, para optimizar nuestros servicios y mejorar tu experiencia como usuario, por ejemplo, cuando accedes a la p\u00e1gina o cuando inicias sesi\u00f3n en nuestros Servicios a trav\u00e9s de servicios de terceros como redes sociales o Google.&nbsp; Esos datos pueden ser recogidos y almacenados autom\u00e1ticamente por nosotros o por terceros en nuestro nombre. Estos datos pueden incluir:<\/p>\n\n\n\n<ul class=\"wp-block-list\"><li>la direcci\u00f3n IP del usuario<\/li><li>la fecha y la hora de la visita<\/li><li>la URL del sitio del que proviene el usuario<\/li><li>las p\u00e1ginas visitadas en nuestro sitio web<\/li><li>informaci\u00f3n sobre el navegador utilizado (tipo y versi\u00f3n del navegador, sistema operativo, etc.).<\/li><\/ul>\n\n\n\n<p>Podemos tratar y registrar dichos usos, sesiones e informaci\u00f3n relacionada, ya sea en forma independiente o con la ayuda de servicios de terceros, incluso mediante el uso de \u201ccookies\u201d y otras tecnolog\u00edas de seguimiento como flash cookies y anal\u00edticas web.<\/p>\n\n\n\n<p>As\u00ed mismo, te comunicamos que utilizamos el servicio de localizaci\u00f3n de Google Maps para ayudarte a encontrarnos m\u00e1s f\u00e1cilmente. Si utilizas esta aplicaci\u00f3n m\u00f3vil, podr\u00edan recibir informaci\u00f3n sobre tu ubicaci\u00f3n real (como por ejemplo se\u00f1ales de GPS enviadas por un dispositivo m\u00f3vil) o informaci\u00f3n que puede ser utilizada para aproximar tu ubicaci\u00f3n. Generalmente, puedes activar o desactivar sus servicios de localizaci\u00f3n en su dispositivo o configuraci\u00f3n de navegador.<\/p>\n\n\n\n<p>Para m\u00e1s informaci\u00f3n sobre Google Maps consulta su pol\u00edtica de privacidad, ya que es un servicio ajeno a nosotros.<\/p>\n\n\n\n<h2 class=\"wp-block-heading\"><strong>Comunicaci\u00f3n por un tercero de los datos de los interesados:&nbsp;<\/strong><\/h2>\n\n\n\n<p>En el caso de que no sea el propio interesado, sino un tercero, el que nos los facilite, tus datos nos han podido ser comunicados por nuestra red comercial, previa aportaci\u00f3n de tus datos a alguno de nuestros agentes comerciales.<\/p>\n\n\n\n<p>Si eres un candidato en alguno de los procesos de selecci\u00f3n, nos los ha podido facilitar la empresa de trabajo temporal que nos gestiona las primeras entrevistas.<\/p>\n\n\n\n<p>En estos casos, las categor\u00edas de datos que tratamos podr\u00edan ser Datos identificativos, caracter\u00edsticas personales, circunstancias sociales, acad\u00e9micos y profesionales, econ\u00f3micos\u2026<\/p>\n\n\n\n<p>No tratamos datos especialmente protegidos.<\/p>\n\n\n\n<h2 class=\"wp-block-heading\"><strong>Comunicaci\u00f3n por el interesado de datos de terceros:&nbsp;<\/strong><\/h2>\n\n\n\n<p>Con respecto a los datos de otras personas, debes respetar su privacidad teniendo especial cuidado al comunicar o publicar sus datos de car\u00e1cter personal. S\u00f3lo su titular puede autorizar el tratamiento de sus datos personales. Si nos facilitas datos de terceros, es tu responsabilidad contar con su consentimiento previo y expreso para utilizarlos y comunic\u00e1rnoslos, y es tu responsabilidad informarles del tratamiento de sus datos por nuestra parte. La publicaci\u00f3n de datos de terceros sin su consentimiento puede infringir, adem\u00e1s de la normativa sobre protecci\u00f3n de datos, la relativa al derecho al honor, a la intimidad o a la propia imagen de dichos terceros. Si nos aportas datos personales de terceros, por la aceptaci\u00f3n de la presente pol\u00edtica de privacidad, garantizas expresamente que dispones de la autorizaci\u00f3n del interesado para dicha aportaci\u00f3n, exoner\u00e1ndonos de cualquier responsabilidad en caso de cualquier reclamaci\u00f3n por el interesado, responsabilidad que asume \u00fanica y exclusivamente quien nos ha comunicado los datos en nombre de \u00e9ste.<\/p>\n\n\n\n<h2 class=\"wp-block-heading\"><strong>\u00bfPara qu\u00e9 tratamos tus datos?<\/strong><\/h2>\n\n\n\n<p>Los datos que nos facilitas, as\u00ed como cualesquiera otros generados durante el desarrollo de la relaci\u00f3n contractual, comercial o de otro tipo que mantengamos contigo, los podemos tratar para distintas finalidades, por ejemplo:<\/p>\n\n\n\n<ul class=\"wp-block-list\"><li>Si eres&nbsp;<strong>cliente actual o potencial, o proveedor<\/strong>, para gestionar la relaci\u00f3n contractual y\/o comercial, incluidos los servicios de garant\u00edas y postventa.<\/li><li>Si eres un mero<strong>&nbsp;usuario de nuestro sitio web<\/strong>, para gestionar las peticiones que nos realices on line<\/li><\/ul>\n\n\n\n<p>En ambos casos para mantener el contacto y la comunicaci\u00f3n contigo, y remitirte informaci\u00f3n sobre nuestros productos y\/o servicios (incluidas comunicaciones publicitarias y\/o comerciales a los efectos del art. 21 LSSICE 34\/2002).<\/p>\n\n\n\n<h2 class=\"wp-block-heading\"><strong>\u00bf<\/strong><strong>Durante cu\u00e1nto tiempo conservaremos tus datos<\/strong><strong>?<\/strong><\/h2>\n\n\n\n<p>Los datos personales que nos facilites los conservaremos, en el caso de clientes y proveedores actuales o potenciales, mientras se mantenga la relaci\u00f3n contractual o comercial y, una vez concluidas \u00e9stas, mientras el interesado no solicite su supresi\u00f3n e, incluso solicitada \u00e9sta, durante el tiempo necesario y limitando su tratamiento, \u00fanicamente para:<\/p>\n\n\n\n<ul class=\"wp-block-list\"><li>cumplir con las obligaciones legales\/contractuales a que estemos sometidos y\/o<\/li><li>durante los plazos legales previstos para la prescripci\u00f3n de cualesquiera responsabilidades por nuestra parte y\/o<\/li><li>el ejercicio o la defensa de reclamaciones derivadas de la relaci\u00f3n mantenida con el interesado.<\/li><\/ul>\n\n\n\n<p>Si eres usuario de la p\u00e1gina web, los conservaremos mientras no nos solicites su supresi\u00f3n e incluso solicitada, podremos mantenerlos, limitando su tratamiento, \u00fanicamente para el cumplimiento de obligaciones legales y\/o el ejercicio o la defensa de reclamaciones.<\/p>\n\n\n\n<p>Si eres un posible candidato que nos has remitido tu curr\u00edculo, lo conservaremos hasta que nos solicites su supresi\u00f3n, para poder contactar contigo para procesos de selecci\u00f3n.<\/p>\n\n\n\n<p>En coordinaci\u00f3n con los criterios anteriores, la supresi\u00f3n de datos personales bien en registros inform\u00e1ticos, bien en papel, podr\u00e1 llevarse a cabo, a criterio de la organizaci\u00f3n, en funci\u00f3n de necesidades log\u00edsticas y\/o de espacio de almacenamiento que hagan aconsejable suprimir informaci\u00f3n o documentaci\u00f3n.<\/p>\n\n\n\n<h2 class=\"wp-block-heading\"><strong>\u00bfCu\u00e1l es la legitimaci\u00f3n para el tratamiento de tus datos?<\/strong><\/h2>\n\n\n\n<p>La base jur\u00eddica que nos legitima para el tratamiento de tus datos es la relaci\u00f3n derivada del&nbsp;<strong>contrato<\/strong>&nbsp;que nos une si eres cliente o proveedor o por ejemplo,&nbsp;<strong>tu consentimiento<\/strong>&nbsp;si nos has realizado una solicitud a trav\u00e9s de nuestra p\u00e1gina web en el caso de ser un mero usuario de la misma. Dicho consentimiento nos lo otorgas de forma inequ\u00edvoca al facilitarnos tus datos on line a trav\u00e9s de nuestra web u off line, consider\u00e1ndose dicha aportaci\u00f3n un acto afirmativo claro que manifiesta dicho consentimiento.<\/p>\n\n\n\n<p>La aportaci\u00f3n de los datos solicitados es obligatoria por ser imprescindibles para las finalidades antes indicadas; si no los facilitas, no podremos llevarlas a cabo.<\/p>\n\n\n\n<p>Dada la relaci\u00f3n pertinente y apropiada que mantienes con nosotros como cliente, proveedor, como usuario de nuestra web\u2026 tenemos un inter\u00e9s leg\u00edtimo en tratar tus datos para, dentro del mantenimiento y gesti\u00f3n de la misma remitirte informaci\u00f3n sobre nuestras actividades, y servicios (incluidas comunicaciones publicitarias y\/o comerciales a los efectos del art. 21 LSSICE 34\/2002).<\/p>\n\n\n\n<p>Estas finalidades son compatibles con la finalidad inicial para la que recogimos tus datos (gestionar el contacto y la comunicaci\u00f3n contigo y mantener la relaci\u00f3n que nos une) pero, en todo caso, la aportaci\u00f3n de tus datos para estos fines que acabamos de citar, derivados de nuestro inter\u00e9s leg\u00edtimo, es siempre voluntaria y siempre prevalecer\u00e1n, sobre nuestro inter\u00e9s leg\u00edtimo, tus intereses, derechos o libertades, por lo que si nos solicitas que suprimamos y dejemos de tratar tus datos para estas finalidades (remiti\u00e9ndonos un e-mail en tal sentido a <a href=\"mailto:comercial@alealsa.com\">comercial@alealsa.com<\/a>) as\u00ed lo haremos, pudiendo mantenerlos bloqueados para la formulaci\u00f3n, ejercicio o defensa de reclamaciones. Dicha retirada no condiciona el tratamiento de tus datos para el resto de las finalidades descritas.<\/p>\n\n\n\n<h2 class=\"wp-block-heading\"><strong>\u00bfA qu\u00e9 destinatarios podremos comunicar tus datos?<\/strong><\/h2>\n\n\n\n<p>Te informamos que los datos que nos proporcionas podr\u00e1n ser comunicados a terceras entidades para el cumplimiento de fines directamente relacionados con funciones leg\u00edtimas de cedente y cesionario como:<\/p>\n\n\n\n<ul class=\"wp-block-list\"><li>A entidades bancarias para la gesti\u00f3n de cobros y pagos<\/li><li>A las entidades u organismos a los que exista obligaci\u00f3n legal de realizar comunicaciones de datos (Administraci\u00f3n tributaria\u2026)<\/li><\/ul>\n\n\n\n<p>Tambi\u00e9n podremos utilizar proveedores que puedan necesitar tratar datos por nuestra cuenta para prestarnos un servicio, por ejemplo (alojamiento, housing, software as a service, copias de seguridad en remoto, servicios de soporte o mantenimiento inform\u00e1tico, gestores de correo electr\u00f3nico, env\u00edo de e-mails y e-mail marketing, transferencia de archivos, servicios de log\u00edstica para entrega de las mercanc\u00edas, gesti\u00f3n de transacciones de pago, etc \u2026) , con estos proveedores que nos prestan un servicio firmamos un contrato que les obliga a tratar los datos y protegerlos conforme establece la normativa espa\u00f1ola y europea sobre protecci\u00f3n de datos y a no utilizarlos para ninguna finalidad que no sea la prestaci\u00f3n del servicio contratado y a devolv\u00e9rnoslos o destruirlos sin quedarse con copia una vez termine la relaci\u00f3n contractual<\/p>\n\n\n\n<h2 class=\"wp-block-heading\"><strong>Transferencias Internacionales de Datos<\/strong><\/h2>\n\n\n\n<p>Te informamos que, en el caso de que utilicemos proveedores estadounidenses que puedan tener acceso a datos personales, para la finalidad de&nbsp; prestarnos servicios auxiliares a nuestra actividad&nbsp; (alojamiento, housing, software as a service, copias de seguridad en remoto, servicios de soporte o mantenimiento inform\u00e1tico, gestores de correo electr\u00f3nico, env\u00edo de e-mails y e-mail marketing, transferencia de archivos etc \u2026) esas empresas pueden ser diferentes y variar a lo largo del tiempo pero, en todo caso, elegiremos empresas adheridas al acuerdo Privacy Shield entre USA y la UE, o pertenecientes a pa\u00edses que hayan sido declarados como pa\u00edses con nivel adecuado de protecci\u00f3n, lo que quiere decir que se obligan a cumplir requisitos equivalentes a los Europeos en materia de protecci\u00f3n de datos. En todo caso, por la aceptaci\u00f3n de esta pol\u00edtica de protecci\u00f3n de datos autorizas expresa e inequ\u00edvocamente la comunicaci\u00f3n de los datos a dichas empresas, conociendo que ello supone una transferencia internacional de datos un pa\u00eds no perteneciente al Espacio Econ\u00f3mico Europeo y dando tu consentimiento inequ\u00edvoco a dicha transferencia.&nbsp;<\/p>\n","protected":false},"excerpt":{"rendered":"<p>En&nbsp;ALEALSA&nbsp;estamos comprometidos con la protecci\u00f3n de la privacidad y el uso correcto de los datos personales que tratamos y que nos facilites. Esta pol\u00edtica describe c\u00f3mo podemos tratar dichos datos y los derechos de los usuarios sobre sus datos personales, tanto on line en este sitio web&nbsp;www.alealsa.com&nbsp;y, en su caso, cualquiera de sus subdominios, como [&hellip;]<\/p>\n","protected":false},"author":1,"featured_media":0,"parent":0,"menu_order":0,"comment_status":"closed","ping_status":"open","template":"","meta":{"footnotes":""},"class_list":["post-135","page","type-page","status-publish","hentry"],"acf":[],"_links":{"self":[{"href":"https:\/\/alealsa.com\/en\/wp-json\/wp\/v2\/pages\/135","targetHints":{"allow":["GET"]}}],"collection":[{"href":"https:\/\/alealsa.com\/en\/wp-json\/wp\/v2\/pages"}],"about":[{"href":"https:\/\/alealsa.com\/en\/wp-json\/wp\/v2\/types\/page"}],"author":[{"embeddable":true,"href":"https:\/\/alealsa.com\/en\/wp-json\/wp\/v2\/users\/1"}],"replies":[{"embeddable":true,"href":"https:\/\/alealsa.com\/en\/wp-json\/wp\/v2\/comments?post=135"}],"version-history":[{"count":1,"href":"https:\/\/alealsa.com\/en\/wp-json\/wp\/v2\/pages\/135\/revisions"}],"predecessor-version":[{"id":136,"href":"https:\/\/alealsa.com\/en\/wp-json\/wp\/v2\/pages\/135\/revisions\/136"}],"wp:attachment":[{"href":"https:\/\/alealsa.com\/en\/wp-json\/wp\/v2\/media?parent=135"}],"curies":[{"name":"wp","href":"https:\/\/api.w.org\/{rel}","templated":true}]}}